{"id":39,"date":"2020-01-08T20:58:13","date_gmt":"2020-01-08T19:58:13","guid":{"rendered":"https:\/\/pape-martin.de\/?page_id=39"},"modified":"2020-01-08T20:58:13","modified_gmt":"2020-01-08T19:58:13","slug":"datenschutz","status":"publish","type":"page","link":"https:\/\/pape-martin.de\/index.php\/datenschutz\/","title":{"rendered":"Datenschutz"},"content":{"rendered":"\n<h4 class=\"wp-block-heading\">Datenschutzerkl\u00e4rung<\/h4>\n\n\n\n<p>Wir freuen uns sehr \u00fcber Ihr Interesse an unserem Verein. Datenschutz\n hat einen besonders hohen Stellenwert f\u00fcr den Vereinsvorstand des CSU \nOrtsverbands Polling. Eine Nutzung der Internetseiten des CSU \nOrtsverbands Polling ist grunds\u00e4tzlich ohne jede Angabe \npersonenbezogener Daten m\u00f6glich. Sofern eine betroffene Person besondere\n Services unseres Vereins \u00fcber unsere Internetseite in Anspruch nehmen \nm\u00f6chte, k\u00f6nnte jedoch eine Verarbeitung personenbezogener Daten \nerforderlich werden. Ist die Verarbeitung personenbezogener Daten \nerforderlich und besteht f\u00fcr eine solche Verarbeitung keine gesetzliche \nGrundlage, holen wir generell eine Einwilligung der betroffenen Person \nein.<\/p>\n\n\n\n<p>Die Verarbeitung personenbezogener Daten, beispielsweise des Namens, \nder Anschrift, E-Mail-Adresse oder Telefonnummer einer betroffenen \nPerson, erfolgt stets im Einklang mit der Datenschutz-Grundverordnung \nund in \u00dcbereinstimmung mit den f\u00fcr den CSU Ortsverband Polling geltenden\n landesspezifischen Datenschutzbestimmungen. Mittels dieser \nDatenschutzerkl\u00e4rung m\u00f6chte unser Verein die \u00d6ffentlichkeit \u00fcber Art, \nUmfang und Zweck der von uns erhobenen, genutzten und verarbeiteten \npersonenbezogenen Daten informieren. Ferner werden betroffene Personen \nmittels dieser Datenschutzerkl\u00e4rung \u00fcber die ihnen zustehenden Rechte \naufgekl\u00e4rt.<\/p>\n\n\n\n<p>Der CSU Ortsverband Polling hat als f\u00fcr die Verarbeitung \nVerantwortlicher zahlreiche technische und organisatorische Ma\u00dfnahmen \numgesetzt, um einen m\u00f6glichst l\u00fcckenlosen Schutz der \u00fcber diese \nInternetseite verarbeiteten personenbezogenen Daten sicherzustellen. \nDennoch k\u00f6nnen Internetbasierte Daten\u00fcbertragungen grunds\u00e4tzlich \nSicherheitsl\u00fccken aufweisen, sodass ein absoluter Schutz nicht \ngew\u00e4hrleistet werden kann. Aus diesem Grund steht es jeder betroffenen \nPerson frei, personenbezogene Daten auch auf alternativen Wegen, \nbeispielsweise telefonisch, an uns zu \u00fcbermitteln.<\/p>\n\n\n\n<h4 class=\"wp-block-heading\">1. Begriffsbestimmungen<\/h4>\n\n\n\n<p>Die Datenschutzerkl\u00e4rung des CSU Ortsverbands Polling beruht auf den \nBegrifflichkeiten, die durch den Europ\u00e4ischen Richtlinien- und \nVerordnungsgeber beim Erlass der Datenschutz-Grundverordnung (DS-GVO) \nverwendet wurden. Unsere Datenschutzerkl\u00e4rung soll sowohl f\u00fcr die \n\u00d6ffentlichkeit als auch f\u00fcr unsere G\u00e4ste und Gesch\u00e4ftspartner einfach \nlesbar und verst\u00e4ndlich sein. Um dies zu gew\u00e4hrleisten, m\u00f6chten wir \nvorab die verwendeten Begrifflichkeiten erl\u00e4utern.<\/p>\n\n\n\n<p>Wir verwenden in dieser Datenschutzerkl\u00e4rung unter anderem die folgenden Begriffe:<\/p>\n\n\n\n<ul class=\"wp-block-list\"><li>a)&nbsp;&nbsp;&nbsp; personenbezogene Daten: Personenbezogene Daten sind alle \nInformationen, die sich auf eine identifizierte oder identifizierbare \nnat\u00fcrliche Person (im Folgenden \u201ebetroffene Person\u201c) beziehen. Als \nidentifizierbar wird eine nat\u00fcrliche Person angesehen, die direkt oder \nindirekt, insbesondere mittels Zuordnung zu einer Kennung wie einem \nNamen, zu einer Kennnummer, zu Standortdaten, zu einer Online-Kennung \noder zu einem oder mehreren besonderen Merkmalen, die Ausdruck der \nphysischen, physiologischen, genetischen, psychischen, wirtschaftlichen,\n kulturellen oder sozialen Identit\u00e4t dieser nat\u00fcrlichen Person sind, \nidentifiziert werden kann.<\/li><li>b)&nbsp;&nbsp;&nbsp; betroffene Person: Betroffene \nPerson ist jede identifizierte oder identifizierbare nat\u00fcrliche Person, \nderen personenbezogene Daten von dem f\u00fcr die Verarbeitung \nVerantwortlichen verarbeitet werden.<\/li><li>c)&nbsp;&nbsp;&nbsp; Verarbeitung: \nVerarbeitung ist jeder mit oder ohne Hilfe automatisierter Verfahren \nausgef\u00fchrte Vorgang oder jede solche Vorgangsreihe im Zusammenhang mit \npersonenbezogenen Daten wie das Erheben, das Erfassen, die Organisation,\n das Ordnen, die Speicherung, die Anpassung oder Ver\u00e4nderung, das \nAuslesen, das Abfragen, die Verwendung, die Offenlegung durch \n\u00dcbermittlung, Verbreitung oder eine andere Form der Bereitstellung, den \nAbgleich oder die Verkn\u00fcpfung, die Einschr\u00e4nkung, das L\u00f6schen oder die \nVernichtung.<\/li><li>d)&nbsp;&nbsp;&nbsp; Einschr\u00e4nkung der Verarbeitung: Einschr\u00e4nkung\n der Verarbeitung ist die Markierung gespeicherter personenbezogener \nDaten mit dem Ziel, ihre k\u00fcnftige Verarbeitung einzuschr\u00e4nken.<\/li><li>e)&nbsp;&nbsp;&nbsp;\n Profiling: Profiling ist jede Art der automatisierten Verarbeitung \npersonenbezogener Daten, die darin besteht, dass diese personenbezogenen\n Daten verwendet werden, um bestimmte pers\u00f6nliche Aspekte, die sich auf \neine nat\u00fcrliche Person beziehen, zu bewerten, insbesondere, um Aspekte \nbez\u00fcglich Arbeitsleistung, wirtschaftlicher Lage, Gesundheit, \npers\u00f6nlicher Vorlieben, Interessen, Zuverl\u00e4ssigkeit, Verhalten, \nAufenthaltsort oder Ortswechsel dieser nat\u00fcrlichen Person zu analysieren\n oder vorherzusagen.<\/li><li>f)&nbsp;&nbsp;&nbsp;&nbsp; Pseudonymisierung: Pseudonymisierung\n ist die Verarbeitung personenbezogener Daten in einer Weise, auf welche\n die personenbezogenen Daten ohne Hinzuziehung zus\u00e4tzlicher \nInformationen nicht mehr einer spezifischen betroffenen Person \nzugeordnet werden k\u00f6nnen, sofern diese zus\u00e4tzlichen Informationen \ngesondert aufbewahrt werden und technischen und organisatorischen \nMa\u00dfnahmen unterliegen, die gew\u00e4hrleisten, dass die personenbezogenen \nDaten nicht einer identifizierten oder identifizierbaren nat\u00fcrlichen \nPerson zugewiesen werden.<\/li><li>g)&nbsp;&nbsp;&nbsp; Verantwortlicher oder f\u00fcr die \nVerarbeitung Verantwortlicher: Verantwortlicher oder f\u00fcr die \nVerarbeitung Verantwortlicher ist die nat\u00fcrliche oder juristische \nPerson, Beh\u00f6rde, Einrichtung oder andere Stelle, die allein oder \ngemeinsam mit anderen \u00fcber die Zwecke und Mittel der Verarbeitung von \npersonenbezogenen Daten entscheidet. Sind die Zwecke und Mittel dieser \nVerarbeitung durch das Unionsrecht oder das Recht der Mitgliedstaaten \nvorgegeben, so kann der Verantwortliche beziehungsweise k\u00f6nnen die \nbestimmten Kriterien seiner Benennung nach dem Unionsrecht oder dem \nRecht der Mitgliedstaaten vorgesehen werden.<\/li><li>h)&nbsp;&nbsp;&nbsp; \nAuftragsverarbeiter: Auftragsverarbeiter ist eine nat\u00fcrliche oder \njuristische Person, Beh\u00f6rde, Einrichtung oder andere Stelle, die \npersonenbezogene Daten im Auftrag des Verantwortlichen verarbeitet.<\/li><li>i)&nbsp;&nbsp;&nbsp;&nbsp;&nbsp;\n Empf\u00e4nger: Empf\u00e4nger ist eine nat\u00fcrliche oder juristische Person, \nBeh\u00f6rde, Einrichtung oder andere Stelle, der personenbezogene Daten \noffengelegt werden, unabh\u00e4ngig davon, ob es sich bei ihr um einen \nDritten handelt oder nicht. Beh\u00f6rden, die im Rahmen eines bestimmten \nUntersuchungsauftrags nach dem Unionsrecht oder dem Recht der \nMitgliedstaaten m\u00f6glicherweise personenbezogene Daten erhalten, gelten \njedoch nicht als Empf\u00e4nger.<\/li><li>j)&nbsp;&nbsp;&nbsp;&nbsp;&nbsp; Dritter: Dritter ist eine \nnat\u00fcrliche oder juristische Person, Beh\u00f6rde, Einrichtung oder andere \nStelle au\u00dfer der betroffenen Person, dem Verantwortlichen, dem \nAuftragsverarbeiter und den Personen, die unter der unmittelbaren \nVerantwortung des Verantwortlichen oder des Auftragsverarbeiters befugt \nsind, die personenbezogenen Daten zu verarbeiten.<\/li><li>k)&nbsp;&nbsp;&nbsp; \nEinwilligung: Einwilligung ist jede von der betroffenen Person \nfreiwillig f\u00fcr den bestimmten Fall in informierter Weise und \nunmissverst\u00e4ndlich abgegebene Willensbekundung in Form einer Erkl\u00e4rung \noder einer sonstigen eindeutigen best\u00e4tigenden Handlung, mit der die \nbetroffene Person zu verstehen gibt, dass sie mit der Verarbeitung der \nsie betreffenden personenbezogenen Daten einverstanden ist.<\/li><\/ul>\n\n\n\n<h4 class=\"wp-block-heading\">2. Name und Anschrift des f\u00fcr die Verarbeitung Verantwortlichen<\/h4>\n\n\n\n<p>Verantwortlicher im Sinne der Datenschutz-Grundverordnung, sonstiger \nin den Mitgliedstaaten der Europ\u00e4ischen Union geltenden \nDatenschutzgesetze und anderer Bestimmungen mit datenschutzrechtlichem \nCharakter ist der:<\/p>\n\n\n\n<p>CSU Ortsverband Polling<\/p>\n\n\n\n<p>Otostra\u00dfe 13<\/p>\n\n\n\n<p>82398 Polling<\/p>\n\n\n\n<p>Deutschland<\/p>\n\n\n\n<p>Tel.: +4917619499192<\/p>\n\n\n\n<p>E-Mail: michael.steininger@csu-polling.de<\/p>\n\n\n\n<p>Website: www.csu-polling.de<\/p>\n\n\n\n<h4 class=\"wp-block-heading\">3. Cookies<\/h4>\n\n\n\n<p>Die Internetseiten des CSU Ortsverbands Polling verwenden Cookies. \nCookies sind Textdateien, welche \u00fcber einen Internetbrowser auf einem \nComputersystem abgelegt und gespeichert werden.<\/p>\n\n\n\n<p>Zahlreiche Internetseiten und Server verwenden Cookies. Viele Cookies\n enthalten eine sogenannte Cookie-ID. Eine Cookie-ID ist eine eindeutige\n Kennung des Cookies. Sie besteht aus einer Zeichenfolge, durch welche \nInternetseiten und Server dem konkreten Internetbrowser zugeordnet \nwerden k\u00f6nnen, in dem das Cookie gespeichert wurde. Dies erm\u00f6glicht es \nden besuchten Internetseiten und Servern, den individuellen Browser der \nbetroffenen Person von anderen Internetbrowsern, die andere Cookies \nenthalten, zu unterscheiden. Ein bestimmter Internetbrowser kann \u00fcber \ndie eindeutige Cookie-ID wiedererkannt und identifiziert werden.<\/p>\n\n\n\n<p>Durch den Einsatz von Cookies kann der CSU Ortsverband Polling den \nNutzern dieser Internetseite nutzerfreundlichere Services bereitstellen,\n die ohne die Cookie-Setzung nicht m\u00f6glich w\u00e4ren.<\/p>\n\n\n\n<p>Mittels eines Cookies k\u00f6nnen die Informationen und Angebote auf \nunserer Internetseite im Sinne des Benutzers optimiert werden. Cookies \nerm\u00f6glichen uns, wie bereits erw\u00e4hnt, die Benutzer unserer Internetseite\n wiederzuerkennen. Zweck dieser Wiedererkennung ist es, den Nutzern die \nVerwendung unserer Internetseite zu erleichtern. Der Benutzer einer \nInternetseite, die Cookies verwendet, muss beispielsweise nicht bei \njedem Besuch der Internetseite erneut seine Zugangsdaten eingeben, weil \ndies von der Internetseite und dem auf dem Computersystem des Benutzers \nabgelegten Cookie \u00fcbernommen wird. Ein weiteres Beispiel ist das Cookie \neines Warenkorbes im Online-Shop. Der Online-Shop merkt sich die \nArtikel, die ein Kunde in den virtuellen Warenkorb gelegt hat, \u00fcber ein \nCookie.<\/p>\n\n\n\n<p>Die betroffene Person kann die Setzung von Cookies durch unsere \nInternetseite jederzeit mittels einer entsprechenden Einstellung des \ngenutzten Internetbrowsers verhindern und damit der Setzung von Cookies \ndauerhaft widersprechen. Ferner k\u00f6nnen bereits gesetzte Cookies \njederzeit \u00fcber einen Internetbrowser oder andere Softwareprogramme \ngel\u00f6scht werden. Dies ist in allen g\u00e4ngigen Internetbrowsern m\u00f6glich. \nDeaktiviert die betroffene Person die Setzung von Cookies in dem \ngenutzten Internetbrowser, sind unter Umst\u00e4nden nicht alle Funktionen \nunserer Internetseite vollumf\u00e4nglich nutzbar.<\/p>\n\n\n\n<h4 class=\"wp-block-heading\">4. Erfassung von allgemeinen Daten und Informationen<\/h4>\n\n\n\n<p>Die Internetseite des CSU Ortsverbands Polling erfasst mit jedem \nAufruf der Internetseite durch eine betroffene Person oder ein \nautomatisiertes System eine Reihe von allgemeinen Daten und \nInformationen. Diese allgemeinen Daten und Informationen werden in den \nLogfiles des Servers gespeichert. Erfasst werden k\u00f6nnen die (1) \nverwendeten Browsertypen und Versionen, (2) das vom zugreifenden System \nverwendete Betriebssystem, (3) die Internetseite, von welcher ein \nzugreifendes System auf unsere Internetseite gelangt (sogenannte \nReferrer), (4) die Unterwebseiten, welche \u00fcber ein zugreifendes System \nauf unserer Internetseite angesteuert werden, (5) das Datum und die \nUhrzeit eines Zugriffs auf die Internetseite, (6) eine \nInternet-Protokoll-Adresse (IP-Adresse), (7) der \nInternet-Service-Provider des zugreifenden Systems und (8) sonstige \n\u00e4hnliche Daten und Informationen, die der Gefahrenabwehr im Falle von \nAngriffen auf unsere informationstechnologischen Systeme dienen.<\/p>\n\n\n\n<p>Bei der Nutzung dieser allgemeinen Daten und Informationen zieht der \nCSU Ortsverband Polling keine R\u00fcckschl\u00fcsse auf die betroffene Person. \nDiese Informationen werden vielmehr ben\u00f6tigt, um (1) die Inhalte unserer\n Internetseite korrekt auszuliefern, (2) die Inhalte unserer \nInternetseite sowie die Werbung f\u00fcr diese zu optimieren, (3) die \ndauerhafte Funktionsf\u00e4higkeit unserer informationstechnologischen \nSysteme und der Technik unserer Internetseite zu gew\u00e4hrleisten sowie (4)\n um Strafverfolgungsbeh\u00f6rden im Falle eines Cyberangriffes die zur \nStrafverfolgung notwendigen Informationen bereitzustellen. Diese anonym \nerhobenen Daten und Informationen werden durch den CSU Ortsverband \nPolling daher einerseits statistisch und ferner mit dem Ziel \nausgewertet, den Datenschutz und die Datensicherheit in unserem Verein \nzu erh\u00f6hen, um letztlich ein optimales Schutzniveau f\u00fcr die von uns \nverarbeiteten personenbezogenen Daten sicherzustellen. Die anonymen \nDaten der Server-Logfiles werden getrennt von allen durch eine \nbetroffene Person angegebenen personenbezogenen Daten gespeichert.<\/p>\n\n\n\n<h4 class=\"wp-block-heading\">5. Routinem\u00e4\u00dfige L\u00f6schung und Sperrung von personenbezogenen Daten<\/h4>\n\n\n\n<p>Der f\u00fcr die Verarbeitung Verantwortliche verarbeitet und speichert \npersonenbezogene Daten der betroffenen Person nur f\u00fcr den Zeitraum, der \nzur Erreichung des Speicherungszwecks erforderlich ist oder sofern dies \ndurch den Europ\u00e4ischen Richtlinien- und Verordnungsgeber oder einen \nanderen Gesetzgeber in Gesetzen oder Vorschriften, welchen der f\u00fcr die \nVerarbeitung Verantwortliche unterliegt, vorgesehen wurde.<\/p>\n\n\n\n<p>Entf\u00e4llt der Speicherungszweck oder l\u00e4uft eine vom Europ\u00e4ischen \nRichtlinien- und Verordnungsgeber oder einem anderen zust\u00e4ndigen \nGesetzgeber vorgeschriebene Speicherfrist ab, werden die \npersonenbezogenen Daten routinem\u00e4\u00dfig und entsprechend den gesetzlichen \nVorschriften gesperrt oder gel\u00f6scht.<\/p>\n\n\n\n<h4 class=\"wp-block-heading\">6. Rechte der betroffenen Person<\/h4>\n\n\n\n<ul class=\"wp-block-list\"><li>a)&nbsp;&nbsp;&nbsp; Recht auf Best\u00e4tigung: Jede betroffene Person hat das vom \nEurop\u00e4ischen Richtlinien- und Verordnungsgeber einger\u00e4umte Recht, von \ndem f\u00fcr die Verarbeitung Verantwortlichen eine Best\u00e4tigung dar\u00fcber zu \nverlangen, ob sie betreffende personenbezogene Daten verarbeitet werden.\n M\u00f6chte eine betroffene Person dieses Best\u00e4tigungsrecht in Anspruch \nnehmen, kann sie sich hierzu jederzeit an ein Mitglied des f\u00fcr die \nVerarbeitung Verantwortlichen wenden.<\/li><li>b)&nbsp;&nbsp;&nbsp; Recht auf Auskunft: \nJede von der Verarbeitung personenbezogener Daten betroffene Person hat \ndas vom Europ\u00e4ischen Richtlinien- und Verordnungsgeber gew\u00e4hrte Recht, \njederzeit von dem f\u00fcr die Verarbeitung Verantwortlichen unentgeltliche \nAuskunft \u00fcber die zu seiner Person gespeicherten personenbezogenen Daten\n und eine Kopie dieser Auskunft zu erhalten. Ferner hat der Europ\u00e4ische \nRichtlinien- und Verordnungsgeber der betroffenen Person Auskunft \u00fcber \nfolgende Informationen zugestanden:<ul><li>die Verarbeitungszwecke<\/li><li>die Kategorien personenbezogener Daten, die verarbeitet werden<\/li><li>die\n Empf\u00e4nger oder Kategorien von Empf\u00e4ngern, gegen\u00fcber denen die \npersonenbezogenen Daten offengelegt worden sind oder noch offengelegt \nwerden, insbesondere bei Empf\u00e4ngern in Drittl\u00e4ndern oder bei \ninternationalen Organisationen<\/li><li>falls m\u00f6glich die geplante Dauer,\n f\u00fcr die die personenbezogenen Daten gespeichert werden, oder, falls \ndies nicht m\u00f6glich ist, die Kriterien f\u00fcr die Festlegung dieser Dauer<\/li><li>das\n Bestehen eines Rechts auf Berichtigung oder L\u00f6schung der sie \nbetreffenden personenbezogenen Daten oder auf Einschr\u00e4nkung der \nVerarbeitung durch den Verantwortlichen oder eines Widerspruchsrechts \ngegen diese Verarbeitung<\/li><li>das Bestehen eines Beschwerderechts bei einer Aufsichtsbeh\u00f6rde<\/li><li>wenn\n die personenbezogenen Daten nicht bei der betroffenen Person erhoben \nwerden: Alle verf\u00fcgbaren Informationen \u00fcber die Herkunft der Daten<\/li><li>das\n Bestehen einer automatisierten Entscheidungsfindung einschlie\u00dflich \nProfiling gem\u00e4\u00df Artikel 22 Abs.1 und 4 DS-GVO und \u2014 zumindest in diesen \nF\u00e4llen \u2014 aussagekr\u00e4ftige Informationen \u00fcber die involvierte Logik sowie \ndie Tragweite und die angestrebten Auswirkungen einer derartigen \nVerarbeitung f\u00fcr die betroffene Person. Ferner steht der betroffenen \nPerson ein Auskunftsrecht dar\u00fcber zu, ob personenbezogene Daten an ein \nDrittland oder an eine internationale Organisation \u00fcbermittelt wurden. \nSofern dies der Fall ist, so steht der betroffenen Person im \u00dcbrigen das\n Recht zu, Auskunft \u00fcber die geeigneten Garantien im Zusammenhang mit \nder \u00dcbermittlung zu erhalten.M\u00f6chte eine betroffene Person dieses \nAuskunftsrecht in Anspruch nehmen, kann sie sich hierzu jederzeit an ein\n Mitglied des f\u00fcr die Verarbeitung Verantwortlichen wenden.<\/li><\/ul><\/li><li>c)&nbsp;&nbsp;&nbsp;\n Recht auf Berichtigung: Jede von der Verarbeitung personenbezogener \nDaten betroffene Person hat das vom Europ\u00e4ischen Richtlinien- und \nVerordnungsgeber gew\u00e4hrte Recht, die unverz\u00fcgliche Berichtigung sie \nbetreffender unrichtiger personenbezogener Daten zu verlangen. Ferner \nsteht der betroffenen Person das Recht zu, unter Ber\u00fccksichtigung der \nZwecke der Verarbeitung, die Vervollst\u00e4ndigung unvollst\u00e4ndiger \npersonenbezogener Daten \u2014 auch mittels einer erg\u00e4nzenden Erkl\u00e4rung \u2014 zu \nverlangen. M\u00f6chte eine betroffene Person dieses Berichtigungsrecht in \nAnspruch nehmen, kann sie sich hierzu jederzeit an ein Mitglied des f\u00fcr \ndie Verarbeitung Verantwortlichen wenden.<\/li><li>d)&nbsp;&nbsp;&nbsp; Recht auf \nL\u00f6schung (Recht auf Vergessen werden): Jede von der Verarbeitung \npersonenbezogener Daten betroffene Person hat das vom Europ\u00e4ischen \nRichtlinien- und Verordnungsgeber gew\u00e4hrte Recht, von dem \nVerantwortlichen zu verlangen, dass die sie betreffenden \npersonenbezogenen Daten unverz\u00fcglich gel\u00f6scht werden, sofern einer der \nfolgenden Gr\u00fcnde zutrifft und soweit die Verarbeitung nicht erforderlich\n ist:<ul><li>Die personenbezogenen Daten wurden f\u00fcr solche Zwecke \nerhoben oder auf sonstige Weise verarbeitet, f\u00fcr welche sie nicht mehr \nnotwendig sind.<\/li><li>Die betroffene Person widerruft ihre \nEinwilligung, auf die sich die Verarbeitung gem\u00e4\u00df Art. 6 Abs. 1 \nBuchstabe a DS-GVO oder Art. 9 Abs. 2 Buchstabe a DS-GVO st\u00fctzte, und es\n fehlt an einer anderweitigen Rechtsgrundlage f\u00fcr die Verarbeitung.<\/li><li>Die\n betroffene Person legt gem\u00e4\u00df Art. 21 Abs. 1 DS-GVO Widerspruch gegen \ndie Verarbeitung ein, und es liegen keine vorrangigen berechtigten \nGr\u00fcnde f\u00fcr die Verarbeitung vor, oder die betroffene Person legt gem\u00e4\u00df \nArt. 21 Abs. 2 DS-GVO Widerspruch gegen die Verarbeitung ein.<\/li><li>Die personenbezogenen Daten wurden unrechtm\u00e4\u00dfig verarbeitet.<\/li><li>Die\n L\u00f6schung der personenbezogenen Daten ist zur Erf\u00fcllung einer \nrechtlichen Verpflichtung nach dem Unionsrecht oder dem Recht der \nMitgliedstaaten erforderlich, dem der Verantwortliche unterliegt.<\/li><li>Die\n personenbezogenen Daten wurden in Bezug auf angebotene Dienste der \nInformationsgesellschaft gem\u00e4\u00df Art. 8 Abs. 1 DS-GVO erhoben. Sofern \neiner der oben genannten Gr\u00fcnde zutrifft und eine betroffene Person die \nL\u00f6schung von personenbezogenen Daten, die beim CSU Ortsverband Polling \ngespeichert sind, veranlassen m\u00f6chte, kann sie sich hierzu jederzeit an \nein Mitglied des f\u00fcr die Verarbeitung Verantwortlichen wenden. Das \nMitglied des CSU Ortsverbands Polling wird veranlassen, dass dem \nL\u00f6schverlangen unverz\u00fcglich nachgekommen wird. Wurden die \npersonenbezogenen Daten vom CSU Ortsverband Polling \u00f6ffentlich gemacht \nund ist unser Verein als Verantwortlicher gem\u00e4\u00df Art. 17 Abs. 1 DS-GVO \nzur L\u00f6schung der personenbezogenen Daten verpflichtet, so trifft der CSU\n Ortsverband Polling unter Ber\u00fccksichtigung der verf\u00fcgbaren Technologie \nund der Implementierungskosten angemessene Ma\u00dfnahmen, auch technischer \nArt, um andere f\u00fcr die Datenverarbeitung Verantwortliche, welche die \nver\u00f6ffentlichten personenbezogenen Daten verarbeiten, dar\u00fcber in \nKenntnis zu setzen, dass die betroffene Person von diesen anderen f\u00fcr \ndie Datenverarbeitung Verantwortlichen die L\u00f6schung s\u00e4mtlicher Links zu \ndiesen personenbezogenen Daten oder von Kopien oder Replikationen dieser\n personenbezogenen Daten verlangt hat, soweit die Verarbeitung nicht \nerforderlich ist. Das Mitglied des CSU Ortsverbands Polling wird im \nEinzelfall das Notwendige veranlassen.<\/li><\/ul><\/li><li>e)&nbsp;&nbsp;&nbsp; Recht auf\n Einschr\u00e4nkung der Verarbeitung: Jede von der Verarbeitung \npersonenbezogener Daten betroffene Person hat das vom Europ\u00e4ischen \nRichtlinien- und Verordnungsgeber gew\u00e4hrte Recht, von dem \nVerantwortlichen die Einschr\u00e4nkung der Verarbeitung zu verlangen, wenn \neine der folgenden Voraussetzungen gegeben ist:<ul><li>Die Richtigkeit \nder personenbezogenen Daten wird von der betroffenen Person bestritten, \nund zwar f\u00fcr eine Dauer, die es dem Verantwortlichen erm\u00f6glicht, die \nRichtigkeit der personenbezogenen Daten zu \u00fcberpr\u00fcfen.<\/li><li>Die \nVerarbeitung ist unrechtm\u00e4\u00dfig, die betroffene Person lehnt die L\u00f6schung \nder personenbezogenen Daten ab und verlangt stattdessen die \nEinschr\u00e4nkung der Nutzung der personenbezogenen Daten.<\/li><li>Der \nVerantwortliche ben\u00f6tigt die personenbezogenen Daten f\u00fcr die Zwecke der \nVerarbeitung nicht l\u00e4nger, die betroffene Person ben\u00f6tigt sie jedoch zur\n Geltendmachung, Aus\u00fcbung oder Verteidigung von Rechtsanspr\u00fcchen.<\/li><li>Die\n betroffene Person hat Widerspruch gegen die Verarbeitung gem. Art. 21 \nAbs. 1 DS-GVO eingelegt und es steht noch nicht fest, ob die \nberechtigten Gr\u00fcnde des Verantwortlichen gegen\u00fcber denen der betroffenen\n Person \u00fcberwiegen. Sofern eine der oben genannten Voraussetzungen \ngegeben ist und eine betroffene Person die Einschr\u00e4nkung von \npersonenbezogenen Daten, die beim CSU Ortsverband Polling gespeichert \nsind, verlangen m\u00f6chte, kann sie sich hierzu jederzeit an ein Mitglied \ndes f\u00fcr die Verarbeitung Verantwortlichen wenden. Das Mitglied des CSU \nOrtsverbands Polling wird die Einschr\u00e4nkung der Verarbeitung \nveranlassen.<\/li><\/ul><\/li><li>f)&nbsp;&nbsp;&nbsp;&nbsp; Recht auf Daten\u00fcbertragbarkeit: \nJede von der Verarbeitung personenbezogener Daten betroffene Person hat \ndas vom Europ\u00e4ischen Richtlinien- und Verordnungsgeber gew\u00e4hrte Recht, \ndie sie betreffenden personenbezogenen Daten, welche durch die \nbetroffene Person einem Verantwortlichen bereitgestellt wurden, in einem\n strukturierten, g\u00e4ngigen und maschinenlesbaren Format zu erhalten. Sie \nhat au\u00dferdem das Recht, diese Daten einem anderen Verantwortlichen ohne \nBehinderung durch den Verantwortlichen, dem die personenbezogenen Daten \nbereitgestellt wurden, zu \u00fcbermitteln, sofern die Verarbeitung auf der \nEinwilligung gem\u00e4\u00df Art. 6 Abs. 1 Buchstabe a DS-GVO oder Art. 9 Abs. 2 \nBuchstabe a DS-GVO oder auf einem Vertrag gem\u00e4\u00df Art. 6 Abs. 1 Buchstabe b\n DS-GVO beruht und die Verarbeitung mithilfe automatisierter Verfahren \nerfolgt, sofern die Verarbeitung nicht f\u00fcr die Wahrnehmung einer Aufgabe\n erforderlich ist, die im \u00f6ffentlichen Interesse liegt oder in Aus\u00fcbung \n\u00f6ffentlicher Gewalt erfolgt, welche dem Verantwortlichen \u00fcbertragen \nwurde.Ferner hat die betroffene Person bei der Aus\u00fcbung ihres Rechts auf\n Daten\u00fcbertragbarkeit gem\u00e4\u00df Art. 20 Abs. 1 DS-GVO das Recht, zu \nerwirken, dass die personenbezogenen Daten direkt von einem \nVerantwortlichen an einen anderen Verantwortlichen \u00fcbermittelt werden, \nsoweit dies technisch machbar ist und sofern hiervon nicht die Rechte \nund Freiheiten anderer Personen beeintr\u00e4chtigt werden.Zur Geltendmachung\n des Rechts auf Daten\u00fcbertragbarkeit kann sich die betroffene Person \njederzeit an ein Mitglied des CSU Ortsverbands Polling wenden.<\/li><li>g)&nbsp;&nbsp;&nbsp;\n Recht auf Widerspruch: Jede von der Verarbeitung personenbezogener \nDaten betroffene Person hat das vom Europ\u00e4ischen Richtlinien- und \nVerordnungsgeber gew\u00e4hrte Recht, aus Gr\u00fcnden, die sich aus ihrer \nbesonderen Situation ergeben, jederzeit gegen die Verarbeitung sie \nbetreffender personenbezogener Daten, die aufgrund von Art. 6 Abs. 1 \nBuchstaben e oder f DS-GVO erfolgt, Widerspruch einzulegen. Dies gilt \nauch f\u00fcr ein auf diese Bestimmungen gest\u00fctztes Profiling. Der CSU \nOrtsverband Polling verarbeitet die personenbezogenen Daten im Falle des\n Widerspruchs nicht mehr, es sei denn, wir k\u00f6nnen zwingende \nschutzw\u00fcrdige Gr\u00fcnde f\u00fcr die Verarbeitung nachweisen, die den \nInteressen, Rechten und Freiheiten der betroffenen Person \u00fcberwiegen, \noder die Verarbeitung dient der Geltendmachung, Aus\u00fcbung oder \nVerteidigung von Rechtsanspr\u00fcchen. Verarbeitet der CSU Ortsverband \nPolling personenbezogene Daten, um Direktwerbung zu betreiben, so hat \ndie betroffene Person das Recht, jederzeit Widerspruch gegen die \nVerarbeitung der personenbezogenen Daten zum Zwecke derartiger Werbung \neinzulegen. Dies gilt auch f\u00fcr das Profiling, soweit es mit solcher \nDirektwerbung in Verbindung steht. Widerspricht die betroffene Person \ngegen\u00fcber dem CSU Ortsverband Polling der Verarbeitung f\u00fcr Zwecke der \nDirektwerbung, so wird der CSU Ortsverband Polling die personenbezogenen\n Daten nicht mehr f\u00fcr diese Zwecke verarbeiten. Zudem hat die betroffene\n Person das Recht, aus Gr\u00fcnden, die sich aus ihrer besonderen Situation \nergeben, gegen die sie betreffende Verarbeitung personenbezogener Daten,\n die beim CSU Ortsverband Polling zu wissenschaftlichen oder \nhistorischen Forschungszwecken oder zu statistischen Zwecken gem\u00e4\u00df Art. \n89 Abs. 1 DS-GVO erfolgen, Widerspruch einzulegen, es sei denn, eine \nsolche Verarbeitung ist zur Erf\u00fcllung einer im \u00f6ffentlichen Interesse \nliegenden Aufgabe erforderlich. Zur Aus\u00fcbung des Rechts auf Widerspruch \nkann sich die betroffene Person direkt an jedes Mitglied der CSU \nOrtsverbands Polling wenden. Der betroffenen Person steht es ferner \nfrei, im Zusammenhang mit der Nutzung von Diensten der \nInformationsgesellschaft, ungeachtet der Richtlinie 2002\/58\/EG, ihr \nWiderspruchsrecht mittels automatisierter Verfahren auszu\u00fcben, bei denen\n technische Spezifikationen verwendet werden.<\/li><li>h)&nbsp;&nbsp;&nbsp; \nAutomatisierte Entscheidungen im Einzelfall einschlie\u00dflich Profiling: \nJede von der Verarbeitung personenbezogener Daten betroffene Person hat \ndas vom Europ\u00e4ischen Richtlinien- und Verordnungsgeber gew\u00e4hrte Recht, \nnicht einer ausschlie\u00dflich auf einer automatisierten Verarbeitung \u2014 \neinschlie\u00dflich Profiling \u2014 beruhenden Entscheidung unterworfen zu \nwerden, die ihr gegen\u00fcber rechtliche Wirkung entfaltet oder sie in \n\u00e4hnlicher Weise erheblich beeintr\u00e4chtigt, sofern die Entscheidung (1) \nnicht f\u00fcr den Abschluss oder die Erf\u00fcllung eines Vertrags zwischen der \nbetroffenen Person und dem Verantwortlichen erforderlich ist, oder (2) \naufgrund von Rechtsvorschriften der Union oder der Mitgliedstaaten, \ndenen der Verantwortliche unterliegt, zul\u00e4ssig ist und diese \nRechtsvorschriften angemessene Ma\u00dfnahmen zur Wahrung der Rechte und \nFreiheiten sowie der berechtigten Interessen der betroffenen Person \nenthalten oder (3) mit ausdr\u00fccklicher Einwilligung der betroffenen \nPerson erfolgt. Ist die Entscheidung (1) f\u00fcr den Abschluss oder die \nErf\u00fcllung eines Vertrags zwischen der betroffenen Person und dem \nVerantwortlichen erforderlich oder (2) erfolgt sie mit ausdr\u00fccklicher \nEinwilligung der betroffenen Person, trifft der CSU Ortsverband Polling \nangemessene Ma\u00dfnahmen, um die Rechte und Freiheiten sowie die \nberechtigten Interessen der betroffenen Person zu wahren, wozu \nmindestens das Recht auf Erwirkung des Eingreifens einer Person seitens \ndes Verantwortlichen, auf Darlegung des eigenen Standpunkts und auf \nAnfechtung der Entscheidung geh\u00f6rt. M\u00f6chte die betroffene Person Rechte \nmit Bezug auf automatisierte Entscheidungen geltend machen, kann sie \nsich hierzu jederzeit an ein Mitglied des f\u00fcr die Verarbeitung \nVerantwortlichen wenden.<\/li><li>i)&nbsp;&nbsp;&nbsp;&nbsp;&nbsp; Recht auf Widerruf einer \ndatenschutzrechtlichen Einwilligung: Jede von der Verarbeitung \npersonenbezogener Daten betroffene Person hat das vom Europ\u00e4ischen \nRichtlinien- und Verordnungsgeber gew\u00e4hrte Recht, eine Einwilligung zur \nVerarbeitung personenbezogener Daten jederzeit zu widerrufen. M\u00f6chte die\n betroffene Person ihr Recht auf Widerruf einer Einwilligung geltend \nmachen, kann sie sich hierzu jederzeit an ein Mitglied des f\u00fcr die \nVerarbeitung Verantwortlichen wenden.<\/li><\/ul>\n\n\n\n<h4 class=\"wp-block-heading\">7. Datenschutz bei Mitgliedsantr\u00e4gen<\/h4>\n\n\n\n<p>Der f\u00fcr die Verarbeitung Verantwortliche erhebt und verarbeitet die \npersonenbezogenen Daten von Antragstellern zum Zwecke der Abwicklung des\n Antragsverfahrens. Die Verarbeitung kann auch auf elektronischem Wege \nerfolgen. Dies ist insbesondere dann der Fall, wenn ein Antragsteller \nentsprechende Antragsunterlagen auf dem elektronischen Wege, \nbeispielsweise per E-Mail, an den f\u00fcr die Verarbeitung Verantwortlichen \n\u00fcbermittelt. Nimmt der f\u00fcr die Verarbeitung Verantwortliche einen \nMitgliedsantrag von einem Antragssteller an, werden die \u00fcbermittelten \nDaten zum Zwecke der Abwicklung des Mitgliedsverh\u00e4ltnisses unter \nBeachtung der gesetzlichen Vorschriften gespeichert. Wird der \nMitgliedsantrag von dem f\u00fcr die Verarbeitung Verantwortlichen nicht \nangenommen, so werden die Antragsunterlagen automatisch gel\u00f6scht, sofern\n einer L\u00f6schung keine sonstigen berechtigten Interessen des f\u00fcr die \nVerarbeitung Verantwortlichen entgegenstehen.<\/p>\n\n\n\n<h4 class=\"wp-block-heading\">8. Datenschutzbestimmungen zu Einsatz und Verwendung von Facebook<\/h4>\n\n\n\n<p>Der f\u00fcr die Verarbeitung Verantwortliche hat auf dieser Internetseite\n Komponenten des Unternehmens Facebook integriert. Facebook ist ein \nsoziales Netzwerk.<\/p>\n\n\n\n<p>Ein soziales Netzwerk ist ein im Internet betriebener sozialer \nTreffpunkt, eine Online-Gemeinschaft, die es den Nutzern in der Regel \nerm\u00f6glicht, untereinander zu kommunizieren und im virtuellen Raum zu \ninteragieren. Ein soziales Netzwerk kann als Plattform zum Austausch von\n Meinungen und Erfahrungen dienen oder erm\u00f6glicht es der \nInternetgemeinschaft, pers\u00f6nliche oder unternehmensbezogene \nInformationen bereitzustellen. Facebook erm\u00f6glicht den Nutzern des \nsozialen Netzwerkes unter anderem die Erstellung von privaten Profilen, \nden Upload von Fotos und eine Vernetzung \u00fcber Freundschaftsanfragen.<\/p>\n\n\n\n<p>Betreibergesellschaft von Facebook ist die Facebook, Inc., 1 Hacker \nWay, Menlo Park, CA 94025, USA. F\u00fcr die Verarbeitung personenbezogener \nDaten Verantwortlicher ist, wenn eine betroffene Person au\u00dferhalb der \nUSA oder Kanada lebt, die Facebook Ireland Ltd., 4 Grand Canal Square, \nGrand Canal Harbour, Dublin 2, Ireland.<\/p>\n\n\n\n<p>Durch jeden Aufruf einer der Einzelseiten dieser Internetseite, die \ndurch den f\u00fcr die Verarbeitung Verantwortlichen betrieben wird und auf \nwelcher eine Facebook-Komponente (Facebook-Plug-In) integriert wurde, \nwird der Internetbrowser auf dem informationstechnologischen System der \nbetroffenen Person automatisch durch die jeweilige Facebook-Komponente \nveranlasst, eine Darstellung der entsprechenden Facebook-Komponente von \nFacebook herunterzuladen. Eine Gesamt\u00fcbersicht \u00fcber alle \nFacebook-Plug-Ins kann unter \nhttps:\/\/developers.facebook.com\/docs\/plugins\/?locale=de_DE abgerufen \nwerden. Im Rahmen dieses technischen Verfahrens erh\u00e4lt Facebook Kenntnis\n dar\u00fcber, welche konkrete Unterseite unserer Internetseite durch die \nbetroffene Person besucht wird.<\/p>\n\n\n\n<p>Sofern die betroffene Person gleichzeitig bei Facebook eingeloggt \nist, erkennt Facebook mit jedem Aufruf unserer Internetseite durch die \nbetroffene Person und w\u00e4hrend der gesamten Dauer des jeweiligen \nAufenthaltes auf unserer Internetseite, welche konkrete Unterseite \nunserer Internetseite die betroffene Person besucht. Diese Informationen\n werden durch die Facebook-Komponente gesammelt und durch Facebook dem \njeweiligen Facebook-Account der betroffenen Person zugeordnet. Bet\u00e4tigt \ndie betroffene Person einen der auf unserer Internetseite integrierten \nFacebook-Buttons, beispielsweise den \u201eGef\u00e4llt mir\u201c-Button, oder gibt die\n betroffene Person einen Kommentar ab, ordnet Facebook diese Information\n dem pers\u00f6nlichen Facebook-Benutzerkonto der betroffenen Person zu und \nspeichert diese personenbezogenen Daten.<\/p>\n\n\n\n<p>Facebook erh\u00e4lt \u00fcber die Facebook-Komponente immer dann eine \nInformation dar\u00fcber, dass die betroffene Person unsere Internetseite \nbesucht hat, wenn die betroffene Person zum Zeitpunkt des Aufrufs \nunserer Internetseite gleichzeitig bei Facebook eingeloggt ist; dies \nfindet unabh\u00e4ngig davon statt, ob die betroffene Person die \nFacebook-Komponente anklickt oder nicht. Ist eine derartige \u00dcbermittlung\n dieser Informationen an Facebook von der betroffenen Person nicht \ngewollt, kann diese die \u00dcbermittlung dadurch verhindern, dass sie sich \nvor einem Aufruf unserer Internetseite aus ihrem Facebook-Account \nausloggt.<\/p>\n\n\n\n<p>Die von Facebook ver\u00f6ffentlichte Datenrichtlinie, die unter \nhttps:\/\/de-de.facebook.com\/about\/privacy\/ abrufbar ist, gibt Aufschluss \n\u00fcber die Erhebung, Verarbeitung und Nutzung personenbezogener Daten \ndurch Facebook. Ferner wird dort erl\u00e4utert, welche \nEinstellungsm\u00f6glichkeiten Facebook zum Schutz der Privatsph\u00e4re der \nbetroffenen Person bietet. Zudem sind unterschiedliche Applikationen \nerh\u00e4ltlich, die es erm\u00f6glichen, eine Daten\u00fcbermittlung an Facebook zu \nunterdr\u00fccken. Solche Applikationen k\u00f6nnen durch die betroffene Person \ngenutzt werden, um eine Daten\u00fcbermittlung an Facebook zu unterdr\u00fccken.<\/p>\n\n\n\n<h4 class=\"wp-block-heading\">9. Datenschutzbestimmungen zu Einsatz und Verwendung von Google Analytics (mit Anonymisierungsfunktion)<\/h4>\n\n\n\n<p>Der f\u00fcr die Verarbeitung Verantwortliche hat auf dieser Internetseite\n die Komponente Google Analytics (mit Anonymisierungsfunktion) \nintegriert. Google Analytics ist ein Web-Analyse-Dienst. Web-Analyse ist\n die Erhebung, Sammlung und Auswertung von Daten \u00fcber das Verhalten von \nBesuchern von Internetseiten. Ein Web-Analyse-Dienst erfasst unter \nanderem Daten dar\u00fcber, von welcher Internetseite eine betroffene Person \nauf eine Internetseite gekommen ist (sogenannte Referrer), auf welche \nUnterseiten der Internetseite zugegriffen oder wie oft und f\u00fcr welche \nVerweildauer eine Unterseite betrachtet wurde. Eine Web-Analyse wird \n\u00fcberwiegend zur Optimierung einer Internetseite und zur \nKosten-Nutzen-Analyse von Internetwerbung eingesetzt.<\/p>\n\n\n\n<p>Betreibergesellschaft der Google-Analytics-Komponente ist die Google \nIreland Limited, Gordon House, Barrow Street, Dublin, D04 E5W5, Ireland.<\/p>\n\n\n\n<p>Der f\u00fcr die Verarbeitung Verantwortliche verwendet f\u00fcr die \nWeb-Analyse \u00fcber Google Analytics den Zusatz \u201c_gat._anonymizeIp\u201d. \nMittels dieses Zusatzes wird die IP-Adresse des Internetanschlusses der \nbetroffenen Person von Google gek\u00fcrzt und anonymisiert, wenn der Zugriff\n auf unsere Internetseiten aus einem Mitgliedstaat der Europ\u00e4ischen \nUnion oder aus einem anderen Vertragsstaat des Abkommens \u00fcber den \nEurop\u00e4ischen Wirtschaftsraum erfolgt.<\/p>\n\n\n\n<p>Der Zweck der Google-Analytics-Komponente ist die Analyse der \nBesucherstr\u00f6me auf unserer Internetseite. Google nutzt die gewonnenen \nDaten und Informationen unter anderem dazu, die Nutzung unserer \nInternetseite auszuwerten, um f\u00fcr uns Online-Reports, welche die \nAktivit\u00e4ten auf unseren Internetseiten aufzeigen, zusammenzustellen, und\n um weitere mit der Nutzung unserer Internetseite in Verbindung stehende\n Dienstleistungen zu erbringen.<\/p>\n\n\n\n<p>Google Analytics setzt ein Cookie auf dem informationstechnologischen\n System der betroffenen Person. Was Cookies sind, wurde oben bereits \nerl\u00e4utert. Mit Setzung des Cookies wird Google eine Analyse der \nBenutzung unserer Internetseite erm\u00f6glicht. Durch jeden Aufruf einer der\n Einzelseiten dieser Internetseite, die durch den f\u00fcr die Verarbeitung \nVerantwortlichen betrieben wird und auf welcher eine \nGoogle-Analytics-Komponente integriert wurde, wird der Internetbrowser \nauf dem informationstechnologischen System der betroffenen Person \nautomatisch durch die jeweilige Google-Analytics-Komponente veranlasst, \nDaten zum Zwecke der Online-Analyse an Google zu \u00fcbermitteln. Im Rahmen \ndieses technischen Verfahrens erh\u00e4lt Google Kenntnis \u00fcber \npersonenbezogene Daten, wie der IP-Adresse der betroffenen Person, die \nGoogle unter anderem dazu dienen, die Herkunft der Besucher und Klicks \nnachzuvollziehen und in der Folge Provisionsabrechnungen zu erm\u00f6glichen.<\/p>\n\n\n\n<p>Mittels des Cookies werden personenbezogene Informationen, \nbeispielsweise die Zugriffszeit, der Ort, von welchem ein Zugriff \nausging und die H\u00e4ufigkeit der Besuche unserer Internetseite durch die \nbetroffene Person, gespeichert. Bei jedem Besuch unserer Internetseiten \nwerden diese personenbezogenen Daten, einschlie\u00dflich der IP-Adresse des \nvon der betroffenen Person genutzten Internetanschlusses, an Google in \nden Vereinigten Staaten von Amerika \u00fcbertragen. Diese personenbezogenen \nDaten werden durch Google in den Vereinigten Staaten von Amerika \ngespeichert. Google gibt diese \u00fcber das technische Verfahren erhobenen \npersonenbezogenen Daten unter Umst\u00e4nden an Dritte weiter.<\/p>\n\n\n\n<p>Die betroffene Person kann die Setzung von Cookies durch unsere \nInternetseite, wie oben bereits dargestellt, jederzeit mittels einer \nentsprechenden Einstellung des genutzten Internetbrowsers verhindern und\n damit der Setzung von Cookies dauerhaft widersprechen. Eine solche \nEinstellung des genutzten Internetbrowsers w\u00fcrde auch verhindern, dass \nGoogle ein Cookie auf dem informationstechnologischen System der \nbetroffenen Person setzt. Zudem kann ein von Google Analytics bereits \ngesetzter Cookie jederzeit \u00fcber den Internetbrowser oder andere \nSoftwareprogramme gel\u00f6scht werden.<\/p>\n\n\n\n<p>Ferner besteht f\u00fcr die betroffene Person die M\u00f6glichkeit, einer \nErfassung der durch Google Analytics erzeugten, auf eine Nutzung dieser \nInternetseite bezogenen Daten sowie der Verarbeitung dieser Daten durch \nGoogle zu widersprechen und eine solche zu verhindern. Hierzu muss die \nbetroffene Person ein Browser-Add-On unter dem Link \nhttps:\/\/tools.google.com\/dlpage\/gaoptout herunterladen und installieren.\n Dieses Browser-Add-On teilt Google Analytics \u00fcber JavaScript mit, dass \nkeine Daten und Informationen zu den Besuchen von Internetseiten an \nGoogle Analytics \u00fcbermittelt werden d\u00fcrfen. Die Installation des \nBrowser-Add-Ons wird von Google als Widerspruch gewertet. Wird das \ninformationstechnologische System der betroffenen Person zu einem \nsp\u00e4teren Zeitpunkt gel\u00f6scht, formatiert oder neu installiert, muss durch\n die betroffene Person eine erneute Installation des Browser-Add-Ons \nerfolgen, um Google Analytics zu deaktivieren. Sofern das Browser-Add-On\n durch die betroffene Person oder einer anderen Person, die ihrem \nMachtbereich zuzurechnen ist, deinstalliert oder deaktiviert wird, \nbesteht die M\u00f6glichkeit der Neuinstallation oder der erneuten \nAktivierung des Browser-Add-Ons.<\/p>\n\n\n\n<p>Weitere Informationen und die geltenden Datenschutzbestimmungen von \nGoogle k\u00f6nnen unter https:\/\/www.google.de\/intl\/de\/policies\/privacy\/ und \nunter http:\/\/www.google.com\/analytics\/terms\/de.html abgerufen werden. \nGoogle Analytics wird unter diesem Link \nhttps:\/\/www.google.com\/intl\/de_de\/analytics\/ genauer erl\u00e4utert.<\/p>\n\n\n\n<h4 class=\"wp-block-heading\">10. Rechtsgrundlage der Verarbeitung<\/h4>\n\n\n\n<p>Art. 6 I lit. a DS-GVO dient unserem Verein als Rechtsgrundlage f\u00fcr \nVerarbeitungsvorg\u00e4nge, bei denen wir eine Einwilligung f\u00fcr einen \nbestimmten Verarbeitungszweck einholen. Ist die Verarbeitung \npersonenbezogener Daten zur Erf\u00fcllung eines Vertrags, dessen \nVertragspartei die betroffene Person ist, erforderlich, wie dies \nbeispielsweise bei Verarbeitungsvorg\u00e4ngen der Fall ist, die f\u00fcr eine \nLieferung von Waren oder die Erbringung einer sonstigen Leistung oder \nGegenleistung notwendig sind, so beruht die Verarbeitung auf Art. 6 I \nlit. b DS-GVO. Gleiches gilt f\u00fcr solche Verarbeitungsvorg\u00e4nge die zur \nDurchf\u00fchrung vorvertraglicher Ma\u00dfnahmen erforderlich sind, etwa in \nF\u00e4llen von Anfragen zur unseren Produkten oder Leistungen. Unterliegt \nunser Verein einer rechtlichen Verpflichtung durch welche eine \nVerarbeitung von personenbezogenen Daten erforderlich wird, wie \nbeispielsweise zur Erf\u00fcllung steuerlicher Pflichten, so basiert die \nVerarbeitung auf Art. 6 I lit. c DS-GVO. In seltenen F\u00e4llen k\u00f6nnte die \nVerarbeitung von personenbezogenen Daten erforderlich werden, um \nlebenswichtige Interessen der betroffenen Person oder einer anderen \nnat\u00fcrlichen Person zu sch\u00fctzen. Dies w\u00e4re beispielsweise der Fall, wenn \nein Gast oder Mitglied auf unseren Veranstaltungen verletzt werden w\u00fcrde\n und daraufhin sein Name, sein Alter, seine Krankenkassendaten oder \nsonstige lebenswichtige Informationen an einen Arzt, ein Krankenhaus \noder sonstige Dritte weitergegeben werden m\u00fcssten. Dann w\u00fcrde die \nVerarbeitung auf Art. 6 I lit. d DS-GVO beruhen. Letztlich k\u00f6nnten \nVerarbeitungsvorg\u00e4nge auf Art. 6 I lit. f DS-GVO beruhen. Auf dieser \nRechtsgrundlage basieren Verarbeitungsvorg\u00e4nge, die von keiner der \nvorgenannten Rechtsgrundlagen erfasst werden, wenn die Verarbeitung zur \nWahrung eines berechtigten Interesses unseres Vereins oder eines Dritten\n erforderlich ist, sofern die Interessen, Grundrechte und \nGrundfreiheiten des Betroffenen nicht \u00fcberwiegen. Solche \nVerarbeitungsvorg\u00e4nge sind uns insbesondere deshalb gestattet, weil sie \ndurch den Europ\u00e4ischen Gesetzgeber besonders erw\u00e4hnt wurden. Er vertrat \ninsoweit die Auffassung, dass ein berechtigtes Interesse anzunehmen sein\n k\u00f6nnte, wenn die betroffene Person ein Kunde des Verantwortlichen ist \n(Erw\u00e4gungsgrund 47 Satz 2 DS-GVO).<\/p>\n\n\n\n<h4 class=\"wp-block-heading\">11. Berechtigte Interessen an der Verarbeitung, die von dem Verantwortlichen oder einem Dritten verfolgt werden<\/h4>\n\n\n\n<p>Basiert die Verarbeitung personenbezogener Daten auf Artikel 6 I lit.\n f DS-GVO ist unser berechtigtes Interesse die Durchf\u00fchrung unserer \nGesch\u00e4ftst\u00e4tigkeit zugunsten des Wohlergehens all unserer Mitglieder.<\/p>\n\n\n\n<h4 class=\"wp-block-heading\">12. Dauer, f\u00fcr die die personenbezogenen Daten gespeichert werden<\/h4>\n\n\n\n<p>Das Kriterium f\u00fcr die Dauer der Speicherung von personenbezogenen \nDaten ist die jeweilige gesetzliche Aufbewahrungsfrist. Nach Ablauf der \nFrist werden die entsprechenden Daten routinem\u00e4\u00dfig gel\u00f6scht, sofern sie \nnicht mehr zur Vertragserf\u00fcllung oder Vertragsanbahnung erforderlich \nsind.<\/p>\n\n\n\n<h4 class=\"wp-block-heading\">13. Gesetzliche oder vertragliche Vorschriften zur Bereitstellung \nder personenbezogenen Daten; Erforderlichkeit f\u00fcr den Vertragsabschluss;\n Verpflichtung der betroffenen Person, die personenbezogenen Daten \nbereitzustellen; m\u00f6gliche Folgen der Nichtbereitstellung<\/h4>\n\n\n\n<p>Wir kl\u00e4ren Sie dar\u00fcber auf, dass die Bereitstellung personenbezogener\n Daten zum Teil gesetzlich vorgeschrieben ist (z.B. Steuervorschriften) \noder sich auch aus vertraglichen Regelungen (z.B. Angaben zum \nVertragspartner) ergeben kann. Mitunter kann es zu einem Vertragsschluss\n erforderlich sein, dass eine betroffene Person uns personenbezogene \nDaten zur Verf\u00fcgung stellt, die in der Folge durch uns verarbeitet \nwerden m\u00fcssen. Die betroffene Person ist beispielsweise verpflichtet uns\n personenbezogene Daten bereitzustellen, wenn unser Verein mit ihr einen\n Vertrag abschlie\u00dft. Eine Nichtbereitstellung der personenbezogenen \nDaten h\u00e4tte zur Folge, dass der Vertrag mit dem Betroffenen nicht \ngeschlossen werden k\u00f6nnte. Vor einer Bereitstellung personenbezogener \nDaten durch den Betroffenen muss sich der Betroffene an eines unserer \nMitglieder wenden. Unser Mitglied kl\u00e4rt den Betroffenen \neinzelfallbezogen dar\u00fcber auf, ob die Bereitstellung der \npersonenbezogenen Daten gesetzlich oder vertraglich vorgeschrieben oder \nf\u00fcr den Vertragsabschluss erforderlich ist, ob eine Verpflichtung \nbesteht, die personenbezogenen Daten bereitzustellen, und welche Folgen \ndie Nichtbereitstellung der personenbezogenen Daten h\u00e4tte.<\/p>\n\n\n\n<h4 class=\"wp-block-heading\">14. Bestehen einer automatisierten Entscheidungsfindung<\/h4>\n\n\n\n<p>Als verantwortungsbewusster Verein verzichten wir auf eine automatische Entscheidungsfindung oder ein Profiling.<\/p>\n\n\n\n<p>Diese Datenschutzerkl\u00e4rung basiert auf dem&nbsp;<a href=\"https:\/\/dg-datenschutz.de\/muster-datenschutzerklarung\/\">BDSG und DS-GVO Datenschutzerkl\u00e4rungs-Generator<\/a>&nbsp;der Deutschen Gesellschaft f\u00fcr Datenschutz, in Kooperation mit der Kanzlei f\u00fcr&nbsp;<strong><a href=\"https:\/\/www.wbs-law.de\/taetigkeitsgebiete\/medienrecht\/\">Medienrecht<\/a>&nbsp;WILDE BEUGER SOLMECKE | Rechtsanw\u00e4lte.<\/strong><\/p>\n","protected":false},"excerpt":{"rendered":"<p>Datenschutzerkl\u00e4rung Wir freuen uns sehr \u00fcber Ihr Interesse an unserem Verein. Datenschutz hat einen besonders hohen Stellenwert f\u00fcr den Vereinsvorstand des CSU Ortsverbands Polling. Eine Nutzung der Internetseiten des CSU Ortsverbands Polling ist grunds\u00e4tzlich ohne jede Angabe personenbezogener Daten m\u00f6glich. Sofern eine betroffene Person besondere Services unseres Vereins \u00fcber unsere Internetseite in Anspruch nehmen m\u00f6chte, [&hellip;]<\/p>\n","protected":false},"author":1,"featured_media":0,"parent":0,"menu_order":0,"comment_status":"closed","ping_status":"closed","template":"","meta":{"footnotes":""},"class_list":["post-39","page","type-page","status-publish","hentry"],"_links":{"self":[{"href":"https:\/\/pape-martin.de\/index.php\/wp-json\/wp\/v2\/pages\/39","targetHints":{"allow":["GET"]}}],"collection":[{"href":"https:\/\/pape-martin.de\/index.php\/wp-json\/wp\/v2\/pages"}],"about":[{"href":"https:\/\/pape-martin.de\/index.php\/wp-json\/wp\/v2\/types\/page"}],"author":[{"embeddable":true,"href":"https:\/\/pape-martin.de\/index.php\/wp-json\/wp\/v2\/users\/1"}],"replies":[{"embeddable":true,"href":"https:\/\/pape-martin.de\/index.php\/wp-json\/wp\/v2\/comments?post=39"}],"version-history":[{"count":1,"href":"https:\/\/pape-martin.de\/index.php\/wp-json\/wp\/v2\/pages\/39\/revisions"}],"predecessor-version":[{"id":40,"href":"https:\/\/pape-martin.de\/index.php\/wp-json\/wp\/v2\/pages\/39\/revisions\/40"}],"wp:attachment":[{"href":"https:\/\/pape-martin.de\/index.php\/wp-json\/wp\/v2\/media?parent=39"}],"curies":[{"name":"wp","href":"https:\/\/api.w.org\/{rel}","templated":true}]}}